{"id":1297,"date":"2025-09-29T06:48:26","date_gmt":"2025-09-29T06:48:26","guid":{"rendered":"https:\/\/klang-cafe.com\/?post_type=tribe_events&#038;p=1297"},"modified":"2025-10-16T04:49:13","modified_gmt":"2025-10-16T04:49:13","slug":"konzert-der-traumfrequenzen","status":"publish","type":"tribe_events","link":"https:\/\/klang-cafe.com\/?tribe_events=konzert-der-traumfrequenzen","title":{"rendered":"ABGESAGT: Konzert der Traumfrequenzen"},"content":{"rendered":"<p>Konzert der Traumfrequenzen &#x2728;<\/p>\n<p>Stell dir vor: Du kannst in einem Konzert entspannt auf deiner Matte liegen, eingekuschelt in deine Decke, oder sitzen, wie es f\u00fcr dich am besten passt. Live verschmelzen Handpan, Didgeridoo, Sansula und sph\u00e4rische, elektronische Klangtexturen zu einem tragenden, flie\u00dfenden Sounderlebnis, das den Raum erf\u00fcllt und dich sanft tr\u00e4gt.<\/p>\n<p>Die Musik \u00f6ffnet R\u00e4ume f\u00fcr Ruhe, Weite und tiefe Entspannung &#x1f33f;, ein Erlebnis, das man sp\u00fcrt und nicht nur h\u00f6rt. Sei fr\u00fchzeitig dabei, bevor alle Pl\u00e4tze vergeben sind.<\/p>\n<p>Du musst nichts tun. Einfach da sein. Augen schlie\u00dfen, sp\u00fcren, wie jede Schicht des Alltags leiser wird und Raum f\u00fcr neue Energie entsteht.<\/p>\n<p>Bring dir mit, was dich wohlf\u00fchlen l\u00e4sst: Matte, Decke, Socken, Getr\u00e4nk.<\/p>\n<p>Ich freue mich \u00fcber einen freiwilligen Beitrag zwischen 15 und 25 Euro, so viel, wie es sich f\u00fcr dich richtig anf\u00fchlt.<\/p>\n<p>Und dann: loslassen &#x1f3b6; Ein Abend, den du nicht nur h\u00f6rst, sondern tief erlebst.<\/p>\n<p>Wann: 17.10.2025 18:00-19:30<br \/>\nWo: Caf\u00e9 Familie Einzigartig<br \/>\nBollenwaldstra\u00dfe 105<br \/>\n63743 Aschaffenburg<\/p>\n<p>Beitrag zwischen: 15-25 \u20ac<\/p>\n","protected":false},"excerpt":{"rendered":"<p>Konzert der Traumfrequenzen &#x2728; Stell dir vor: Du kannst in einem Konzert entspannt auf deiner Matte liegen, eingekuschelt in deine Decke, oder sitzen, wie es &hellip;<\/p>\n","protected":false},"author":1,"featured_media":1299,"template":"","meta":{"_price":"","_stock":"","_tribe_ticket_header":"","_tribe_default_ticket_provider":"TEC\\Tickets\\Commerce\\Module","_tribe_ticket_capacity":"0","_ticket_start_date":"","_ticket_end_date":"","_tribe_ticket_show_description":"","_tribe_ticket_show_not_going":false,"_tribe_ticket_use_global_stock":"","_tribe_ticket_global_stock_level":"","_global_stock_mode":"","_global_stock_cap":"","_tribe_rsvp_for_event":"","_tribe_ticket_going_count":"","_tribe_ticket_not_going_count":"","_tribe_tickets_list":"[]","_tribe_ticket_has_attendee_info_fields":false,"_tribe_events_status":"","_tribe_events_status_reason":"","footnotes":"","_tec_slr_enabled":"","_tec_slr_layout":""},"tags":[74,85,89,92,93,90,91],"tribe_events_cat":[72],"class_list":["post-1297","tribe_events","type-tribe_events","status-publish","has-post-thumbnail","hentry","tag-handpan","tag-klang","tag-konzert","tag-konzert-der-traumfrequenzen","tag-piano-sounds","tag-sphaerische-klaenge","tag-tragende-sounds","tribe_events_cat-klangkonzert","cat_klangkonzert"],"ticketed":["rsvp"],"_links":{"self":[{"href":"https:\/\/klang-cafe.com\/index.php?rest_route=\/wp\/v2\/tribe_events\/1297","targetHints":{"allow":["GET"]}}],"collection":[{"href":"https:\/\/klang-cafe.com\/index.php?rest_route=\/wp\/v2\/tribe_events"}],"about":[{"href":"https:\/\/klang-cafe.com\/index.php?rest_route=\/wp\/v2\/types\/tribe_events"}],"author":[{"embeddable":true,"href":"https:\/\/klang-cafe.com\/index.php?rest_route=\/wp\/v2\/users\/1"}],"version-history":[{"count":3,"href":"https:\/\/klang-cafe.com\/index.php?rest_route=\/wp\/v2\/tribe_events\/1297\/revisions"}],"predecessor-version":[{"id":1314,"href":"https:\/\/klang-cafe.com\/index.php?rest_route=\/wp\/v2\/tribe_events\/1297\/revisions\/1314"}],"wp:featuredmedia":[{"embeddable":true,"href":"https:\/\/klang-cafe.com\/index.php?rest_route=\/wp\/v2\/media\/1299"}],"wp:attachment":[{"href":"https:\/\/klang-cafe.com\/index.php?rest_route=%2Fwp%2Fv2%2Fmedia&parent=1297"}],"wp:term":[{"taxonomy":"post_tag","embeddable":true,"href":"https:\/\/klang-cafe.com\/index.php?rest_route=%2Fwp%2Fv2%2Ftags&post=1297"},{"taxonomy":"tribe_events_cat","embeddable":true,"href":"https:\/\/klang-cafe.com\/index.php?rest_route=%2Fwp%2Fv2%2Ftribe_events_cat&post=1297"}],"curies":[{"name":"wp","href":"https:\/\/api.w.org\/{rel}","templated":true}]}}